{"id":1629,"date":"2020-10-28T16:15:03","date_gmt":"2020-10-28T19:15:03","guid":{"rendered":"https:\/\/ens36-sfe.infd.edu.ar\/sitio\/?page_id=1629"},"modified":"2020-12-22T01:05:48","modified_gmt":"2020-12-22T04:05:48","slug":"educacion-secundaria","status":"publish","type":"page","link":"https:\/\/ens36-sfe.infd.edu.ar\/sitio\/educacion-secundaria\/","title":{"rendered":"Inscripci\u00f3n  Primer a\u00f1o 2021"},"content":{"rendered":"<p>De acuerdo a la situaci\u00f3n epidemi\u00f3logica de la provincia de Santa Fe, informamos que el proceso de inscripci\u00f3n a Nivel Secundario para el ciclo lectivo 2021, de acuerdo a Circular 11\/20 de la Subsecretar\u00eda de Educaci\u00f3n Secundaria,\u00a0 se llevar\u00e1 a delante del <strong>16 de noviembre\u00a0 al 14 de diciembre <\/strong>\u00a0y el <u>sorteo de vacantes el d\u00eda martes 15 de diciembre.<\/u><\/p>\n<p>Esta primera etapa se realizar\u00e1 de modo virtual, s\u00f3lo con el\u00a0 env\u00edo de una solicitud de inscripci\u00f3n (formulario de inscripci\u00f3n virtual)<\/p>\n<p>Durante la segunda quincena de Febrero 2021, se convocar\u00e1 a los ingresantes para la entrega de la documentaci\u00f3n requerida y el aporte a la cooperadora:<\/p>\n<ul>\n<li>Impresi\u00f3n del formulario de inscripci\u00f3n.<\/li>\n<li>Fotocopias de DNI del estudiante y de sus padres.<\/li>\n<li>Foto carnet 4&#215;4.<\/li>\n<li>Certificado de finalizaci\u00f3n de escolaridad primaria.<\/li>\n<li>Certificado de aptitud m\u00e9dica, bucodental (dependiendo de la situaci\u00f3n sanitaria).<\/li>\n<li>Partida de nacimiento (si no fueran de la provincia de Santa Fe).<\/li>\n<\/ul>\n<p>El link de la solicitud ser\u00e1 habilitado el d\u00eda 16 de noviembre y estar\u00e1 disponible haciendo click aqu\u00ed \u00a0<a href=\"https:\/\/forms.gle\/gcuPELy8Jsx3CT5h9\">FORMULARIO VIRTUAL.<\/a><\/p>\n<p>Informes, dudas y consultas al email:\u00a0<a href=\"mailto:inscripciones2021normal36@gmail.com\" target=\"_blank\" rel=\"noopener\"><strong>inscripciones2021normal36@gmail.com<\/strong><\/a><\/p>\n<hr \/>\n<p><strong>SORTEO DE LAS VACANTES A PRIMER A\u00d1O 2021 &#8211; 15\/12<br \/>\nPara ver video de la transmisi\u00f3n en vivo:\u00a0<a href=\"https:\/\/www.facebook.com\/coopnormal3centenaria\/videos\/1303133040039546\">https:\/\/www.facebook.com\/coopnormal3centenaria\/videos\/1303133040039546<\/a><\/strong><\/p>\n<p><strong>Ingresos:<\/strong><br \/>\nP\u00e9rez Dirigo Bautista<br \/>\nRomero Thiago Hern\u00e1n<br \/>\nIndelicato Vito Mateo<br \/>\nGonzalez Emma<br \/>\nSoldevila Tom\u00e1s<br \/>\nVillagra Valentina<br \/>\nGuerrero Valentina<br \/>\nDamonte Oro Mat\u00edas<br \/>\nAg\u00fcero Gianella<br \/>\nBartolozzi Celeste<\/p>\n<p>Lista de espera<br \/>\n1-Caroso Roc\u00edo<br \/>\n2-Donati Sof\u00eda<br \/>\n3-Russo Salinas Naiara<br \/>\n4-Gonzalez Sof\u00eda Bel\u00e9n<br \/>\n5-Carrazana Felipe<br \/>\n6-C\u00e1ceres Agustina<br \/>\n7-Sosa Renata<br \/>\n8-Gallo Gonzalez Abril<br \/>\n9-Rodriguez Aixa<br \/>\n10-Di Prinzio Germ\u00e1n<\/p>\n<p><em><strong>Informamos los aspirantes que salieron sorteados para el ingreso de secundaria 2021, diez en ingreso directo y diez en lista de espera.<\/strong><\/em><br \/>\n<em><strong>En el trascurso del d\u00eda recibir\u00e1n un correo donde se formaliza esta informaci\u00f3n.<\/strong><\/em><br \/>\n<em><strong>Atte. <\/strong><\/em><br \/>\n<em><strong>Equipo de gesti\u00f3n NN3<\/strong><\/em><\/p>\n","protected":false},"excerpt":{"rendered":"<p>De acuerdo a la situaci\u00f3n epidemi\u00f3logica de la provincia de Santa Fe, informamos que el proceso de inscripci\u00f3n a Nivel Secundario para el ciclo lectivo 2021, de acuerdo a Circular 11\/20 de la Subsecretar\u00eda de Educaci\u00f3n Secundaria,\u00a0 se llevar\u00e1 a delante del 16 de noviembre\u00a0 al 14 de diciembre \u00a0y el sorteo de vacantes el &#8230; <a title=\"Inscripci\u00f3n  Primer a\u00f1o 2021\" class=\"read-more\" href=\"https:\/\/ens36-sfe.infd.edu.ar\/sitio\/educacion-secundaria\/\" aria-label=\"More on Inscripci\u00f3n  Primer a\u00f1o 2021\">[+]<\/a><\/p>\n","protected":false},"author":2396,"featured_media":0,"parent":0,"menu_order":0,"comment_status":"closed","ping_status":"closed","template":"","meta":[],"acf":[],"_links":{"self":[{"href":"https:\/\/ens36-sfe.infd.edu.ar\/sitio\/wp-json\/wp\/v2\/pages\/1629"}],"collection":[{"href":"https:\/\/ens36-sfe.infd.edu.ar\/sitio\/wp-json\/wp\/v2\/pages"}],"about":[{"href":"https:\/\/ens36-sfe.infd.edu.ar\/sitio\/wp-json\/wp\/v2\/types\/page"}],"author":[{"embeddable":true,"href":"https:\/\/ens36-sfe.infd.edu.ar\/sitio\/wp-json\/wp\/v2\/users\/2396"}],"replies":[{"embeddable":true,"href":"https:\/\/ens36-sfe.infd.edu.ar\/sitio\/wp-json\/wp\/v2\/comments?post=1629"}],"version-history":[{"count":11,"href":"https:\/\/ens36-sfe.infd.edu.ar\/sitio\/wp-json\/wp\/v2\/pages\/1629\/revisions"}],"predecessor-version":[{"id":1881,"href":"https:\/\/ens36-sfe.infd.edu.ar\/sitio\/wp-json\/wp\/v2\/pages\/1629\/revisions\/1881"}],"wp:attachment":[{"href":"https:\/\/ens36-sfe.infd.edu.ar\/sitio\/wp-json\/wp\/v2\/media?parent=1629"}],"curies":[{"name":"wp","href":"https:\/\/api.w.org\/{rel}","templated":true}]}}